{"id":7081,"date":"2015-10-19T04:06:39","date_gmt":"2015-10-19T04:06:39","guid":{"rendered":"http:\/\/demo.thimpress.com\/eduma\/?page_id=7"},"modified":"2024-07-24T16:22:18","modified_gmt":"2024-07-24T21:22:18","slug":"members-2","status":"publish","type":"page","link":"https:\/\/martinezcordoba.com.co\/en\/members-2\/","title":{"rendered":"Miembros y Fundadores"},"content":{"rendered":"<body>\t\t<div data-elementor-type=\"wp-page\" data-elementor-id=\"7081\" class=\"elementor elementor-7081\">\n\t\t\t\t\t\t<section class=\"elementor-section elementor-top-section elementor-element elementor-element-6625a93 elementor-section-boxed elementor-section-height-default elementor-section-height-default\" data-id=\"6625a93\" data-element_type=\"section\" data-e-type=\"section\">\n\t\t\t\t\t\t<div class=\"elementor-container elementor-column-gap-default\">\n\t\t\t\t\t<div class=\"elementor-column elementor-col-100 elementor-top-column elementor-element elementor-element-7003821\" data-id=\"7003821\" data-element_type=\"column\" data-e-type=\"column\">\n\t\t\t<div class=\"elementor-widget-wrap elementor-element-populated\">\n\t\t\t\t\t\t<div class=\"elementor-element elementor-element-c5d5486 elementor-widget elementor-widget-text-editor\" data-id=\"c5d5486\" data-element_type=\"widget\" data-e-type=\"widget\" data-widget_type=\"text-editor.default\">\n\t\t\t\t<div class=\"elementor-widget-container\">\n\t\t\t\t\t\t\t\t\t<h4 style=\"text-align: center;\">En Mart\u00ednez C\u00f3rdoba &amp; Abogados Asociados, contamos con una amplia experiencia de trabajo para entidades,<br>tanto del\u00a0<strong>SECTOR P\u00daBLICO\u00a0<\/strong>como del\u00a0<strong>SECTOR PRIVADO.<\/strong><\/h4>\t\t\t\t\t\t\t\t<\/div>\n\t\t\t\t<\/div>\n\t\t\t\t<section class=\"elementor-section elementor-inner-section elementor-element elementor-element-e99eca4 elementor-section-boxed elementor-section-height-default elementor-section-height-default\" data-id=\"e99eca4\" data-element_type=\"section\" data-e-type=\"section\">\n\t\t\t\t\t\t<div class=\"elementor-container elementor-column-gap-default\">\n\t\t\t\t\t<div class=\"elementor-column elementor-col-50 elementor-inner-column elementor-element elementor-element-9694218\" data-id=\"9694218\" data-element_type=\"column\" data-e-type=\"column\">\n\t\t\t<div class=\"elementor-widget-wrap elementor-element-populated\">\n\t\t\t\t\t\t<div class=\"elementor-element elementor-element-e2265fd elementor-widget elementor-widget-text-editor\" data-id=\"e2265fd\" data-element_type=\"widget\" data-e-type=\"widget\" data-widget_type=\"text-editor.default\">\n\t\t\t\t<div class=\"elementor-widget-container\">\n\t\t\t\t\t\t\t\t\t<div style=\"text-align: right;\"><ul><li style=\"text-align: left;\">Asesores del Gobierno Nacional en la redacci\u00f3n del proyecto de ley para la redacci\u00f3n de la Empresa Colombiana de Gas- Ecogas.<\/li><li style=\"text-align: left;\">Asesores del Gobierno Nacional en la redacci\u00f3n del proyecto de ley para la expedici\u00f3n del C\u00f3digo de Minas- Ley 685 del 2001.\u00a0<\/li><li style=\"text-align: left;\">Asesores de la Gobernaci\u00f3n de Norte de Santander para la creaci\u00f3n de la Secretar\u00eda de Minas y Energ\u00eda del Departamento.\u00a0<\/li><li style=\"text-align: left;\">Varios de nuestros profesionales han hecho parte de la Junta Directiva del Colegio de Abogados de Minas y Petr\u00f3leos.<\/li><li style=\"text-align: left;\">Participaci\u00f3n en el equipo de trabajo para la venta de importantes minas de Colombia en sus aspectos de legislaci\u00f3n minera.<\/li><li style=\"text-align: left;\">Participaci\u00f3n en el trabajo para la creaci\u00f3n de la Zona Franca de Belencito.<\/li><\/ul><\/div>\t\t\t\t\t\t\t\t<\/div>\n\t\t\t\t<\/div>\n\t\t\t\t\t<\/div>\n\t\t<\/div>\n\t\t\t\t<div class=\"elementor-column elementor-col-50 elementor-inner-column elementor-element elementor-element-ed36218\" data-id=\"ed36218\" data-element_type=\"column\" data-e-type=\"column\">\n\t\t\t<div class=\"elementor-widget-wrap elementor-element-populated\">\n\t\t\t\t\t\t<div class=\"elementor-element elementor-element-1c10218 elementor-widget elementor-widget-text-editor\" data-id=\"1c10218\" data-element_type=\"widget\" data-e-type=\"widget\" data-widget_type=\"text-editor.default\">\n\t\t\t\t<div class=\"elementor-widget-container\">\n\t\t\t\t\t\t\t\t\t<div style=\"text-align: right;\"><ul><li style=\"text-align: left;\">Asesor\u00eda para la adquisici\u00f3n de archivos mineros por parte de varias empresas extranjeras.<\/li><li style=\"text-align: left;\">Asesor\u00eda como abogados locales para procesos en el mercado p\u00fablico de valores en Canad\u00e1.<\/li><li style=\"text-align: left;\">Apoyo como abogado minero para el trabajo<\/li><li style=\"text-align: left;\">Prorroga de contratos mineros correspondientes a proyectos de inter\u00e9s nacional.<\/li><li style=\"text-align: left;\">Asesor\u00eda para la adquisici\u00f3n o venta, para los activos mineros y petroleros en Colombia.<\/li><li style=\"text-align: left;\">Apoyo legal para la precalificaci\u00f3n de proponentes.<\/li><\/ul><\/div>\t\t\t\t\t\t\t\t<\/div>\n\t\t\t\t<\/div>\n\t\t\t\t\t<\/div>\n\t\t<\/div>\n\t\t\t\t\t<\/div>\n\t\t<\/section>\n\t\t\t\t\t<\/div>\n\t\t<\/div>\n\t\t\t\t\t<\/div>\n\t\t<\/section>\n\t\t\t\t<section class=\"elementor-section elementor-top-section elementor-element elementor-element-f342487 elementor-section-boxed elementor-section-height-default elementor-section-height-default\" data-id=\"f342487\" data-element_type=\"section\" data-e-type=\"section\" data-settings='{\"background_background\":\"classic\"}'>\n\t\t\t\t\t\t<div class=\"elementor-container elementor-column-gap-default\">\n\t\t\t\t\t<div class=\"elementor-column elementor-col-100 elementor-top-column elementor-element elementor-element-b23fddc\" data-id=\"b23fddc\" data-element_type=\"column\" data-e-type=\"column\">\n\t\t\t<div class=\"elementor-widget-wrap elementor-element-populated\">\n\t\t\t\t\t\t<div class=\"elementor-element elementor-element-a8e6c9d thim-ekits-heading-text-center elementor-widget thim-ekits-heading elementor-widget-thim-heading\" data-id=\"a8e6c9d\" data-element_type=\"widget\" data-e-type=\"widget\" data-widget_type=\"thim-heading.default\">\n\t\t\t\t<div class=\"elementor-widget-container\">\n\t\t\t\t\t<div class=\"sc_heading text-center\"><h3 class=\"title\">Nuestro Equipo<\/h3><span class=\"line\"><\/span><\/div>\t\t\t\t<\/div>\n\t\t\t\t<\/div>\n\t\t\t\t<div class=\"elementor-element elementor-element-f46c8e7 elementor-widget elementor-widget-text-editor\" data-id=\"f46c8e7\" data-element_type=\"widget\" data-e-type=\"widget\" data-widget_type=\"text-editor.default\">\n\t\t\t\t<div class=\"elementor-widget-container\">\n\t\t\t\t\t\t\t\t\t<p style=\"text-align: center;\">Contamos con expertos de larga trayectoria y experiencia en los temas jur\u00eddicos de las industrias mineras y de hidrocarburos. Ello ha permitido que nuestros profesionales se desempe\u00f1en como docentes en establecimientos educativos, para la formaci\u00f3n de m\u00e1s y mejores profesionales para las industrias extractivas.<\/p>\t\t\t\t\t\t\t\t<\/div>\n\t\t\t\t<\/div>\n\t\t\t\t<div class=\"elementor-element elementor-element-ebe3ffe elementor-widget elementor-widget-thim-our-team\" data-id=\"ebe3ffe\" data-element_type=\"widget\" data-e-type=\"widget\" data-widget_type=\"thim-our-team.default\">\n\t\t\t\t<div class=\"elementor-widget-container\">\n\t\t\t\t\t<div class=\"wrapper-lists-our-team icon-image-hover\"><div class=\"thim-carousel-wrapper\" data-visible=\"1\" data-pagination=\"0\"><div class=\"our-team-item\"><div class=\"our-team-image\"><a class=\"link-img\" href=\"https:\/\/martinezcordoba.com.co\/en\/our_team\/adriana-martinez-villegas\/\"><\/a> <img loading=\"lazy\" decoding=\"async\" src=\"https:\/\/martinezcordoba.com.co\/wp-content\/uploads\/2020\/07\/WhatsApp-Image-2020-09-09-at-2.29.29-PM-1-200x200.jpeg\" alt=\"WhatsApp Image 2020-09-09 at 2.29.29 PM\" title=\"WhatsApp Image 2020-09-09 at 2.29.29 PM\" width=\"200\" height=\"200\"><div class=\"social-team\"><\/div><\/div><div class=\"content-team\"><h4 class=\"title\"><a href=\"https:\/\/martinezcordoba.com.co\/en\/our_team\/adriana-martinez-villegas\/\">Adriana Mart\u00ednez Villegas<\/a><\/h4><div class=\"regency\">Directora de La Firma<\/div><\/div><\/div><\/div><\/div>\t\t\t\t<\/div>\n\t\t\t\t<\/div>\n\t\t\t\t<div class=\"elementor-element elementor-element-2ec249b elementor-widget elementor-widget-thim-our-team\" data-id=\"2ec249b\" data-element_type=\"widget\" data-e-type=\"widget\" data-widget_type=\"thim-our-team.default\">\n\t\t\t\t<div class=\"elementor-widget-container\">\n\t\t\t\t\t<div class=\"wrapper-lists-our-team icon-image-hover\"><div class=\"row\"><div class=\"our-team-item col-sm-3\"><div class=\"our-team-image\"> <a class=\"link-img\" href=\"https:\/\/martinezcordoba.com.co\/en\/our_team\/laura-torrado-rojas\/\"><\/a><img loading=\"lazy\" decoding=\"async\" src=\"https:\/\/martinezcordoba.com.co\/wp-content\/uploads\/2020\/07\/Laura-Torrado-Rojas-6.55.50-PM-1-200x200.jpeg\" alt=\"Laura Torrado Rojas 6.55.50 PM\" title=\"Laura Torrado Rojas 6.55.50 PM\" width=\"200\" height=\"200\"><div class=\"social-team\"><\/div><\/div><div class=\"content-team\"><h4 class=\"title\"><a href=\"https:\/\/martinezcordoba.com.co\/en\/our_team\/laura-torrado-rojas\/\">LAURA TORRADO ROJAS<\/a><\/h4><div class=\"regency\">\u00c1rea Litigios<\/div><\/div><\/div><div class=\"our-team-item col-sm-3\"><div class=\"our-team-image\"> <a class=\"link-img\" href=\"https:\/\/martinezcordoba.com.co\/en\/our_team\/robert\/\"><\/a><img loading=\"lazy\" decoding=\"async\" src=\"https:\/\/martinezcordoba.com.co\/wp-content\/uploads\/2020\/07\/Alicia-Beltra%CC%81n-Luna-IMG_3330-200x200.jpg\" alt=\"Alicia Beltra\u0301n Luna IMG_3330\" title=\"Alicia Beltra\u0301n Luna IMG_3330\" width=\"200\" height=\"200\"><div class=\"social-team\"><\/div><\/div><div class=\"content-team\"><h4 class=\"title\"><a href=\"https:\/\/martinezcordoba.com.co\/en\/our_team\/robert\/\">Alicia Beltr\u00e1n Luna<\/a><\/h4><div class=\"regency\">\u00c1rea Minera<\/div><\/div><\/div><div class=\"our-team-item col-sm-3\"><div class=\"our-team-image\"> <a class=\"link-img\" href=\"https:\/\/martinezcordoba.com.co\/en\/our_team\/tony-teo\/\"><\/a><img loading=\"lazy\" decoding=\"async\" src=\"https:\/\/martinezcordoba.com.co\/wp-content\/uploads\/2015\/11\/Ana-Mari%CC%81a-Castro-2-at-4.53.19-PM-200x200.jpg\" alt=\"Ana Mari\u0301a Castro 2 at 4.53.19 PM\" title=\"Ana Mari\u0301a Castro 2 at 4.53.19 PM\" width=\"200\" height=\"200\"><div class=\"social-team\"><\/div><\/div><div class=\"content-team\"><h4 class=\"title\"><a href=\"https:\/\/martinezcordoba.com.co\/en\/our_team\/tony-teo\/\">Ana Mar\u00eda Castro Abondano<\/a><\/h4><div class=\"regency\">\u00c1rea Ambiental<\/div><\/div><\/div><div class=\"our-team-item col-sm-3\"><div class=\"our-team-image\"> <a class=\"link-img\" href=\"https:\/\/martinezcordoba.com.co\/en\/our_team\/jonathan\/\"><\/a><img loading=\"lazy\" decoding=\"async\" src=\"https:\/\/martinezcordoba.com.co\/wp-content\/uploads\/2015\/11\/1630931185571-200x200.jpeg\" alt=\"1630931185571\" title=\"1630931185571\" width=\"200\" height=\"200\"><div class=\"social-team\"><\/div><\/div><div class=\"content-team\"><h4 class=\"title\"><a href=\"https:\/\/martinezcordoba.com.co\/en\/our_team\/jonathan\/\">Juan Bautista Puerto Ram\u00edrez<\/a><\/h4><div class=\"regency\">\u00c1rea Ambiental<\/div><\/div><\/div><\/div><\/div>\t\t\t\t<\/div>\n\t\t\t\t<\/div>\n\t\t\t\t\t<\/div>\n\t\t<\/div>\n\t\t\t\t\t<\/div>\n\t\t<\/section>\n\t\t\t\t<section class=\"elementor-section elementor-top-section elementor-element elementor-element-66395cb elementor-section-stretched elementor-section-boxed elementor-section-height-default elementor-section-height-default\" data-id=\"66395cb\" data-element_type=\"section\" data-e-type=\"section\" data-settings='{\"stretch_section\":\"section-stretched\",\"background_background\":\"gradient\"}'>\n\t\t\t\t\t\t<div class=\"elementor-container elementor-column-gap-default\">\n\t\t\t\t\t<div class=\"elementor-column elementor-col-100 elementor-top-column elementor-element elementor-element-f0579dd\" data-id=\"f0579dd\" data-element_type=\"column\" data-e-type=\"column\">\n\t\t\t<div class=\"elementor-widget-wrap elementor-element-populated\">\n\t\t\t\t\t\t<div class=\"elementor-element elementor-element-45833e2 elementor-widget elementor-widget-heading\" data-id=\"45833e2\" data-element_type=\"widget\" data-e-type=\"widget\" data-widget_type=\"heading.default\">\n\t\t\t\t<div class=\"elementor-widget-container\">\n\t\t\t\t\t<h3 class=\"elementor-heading-title elementor-size-medium\">Nuestros Fundadores<\/h3>\t\t\t\t<\/div>\n\t\t\t\t<\/div>\n\t\t\t\t<div class=\"elementor-element elementor-element-d326653 elementor-widget elementor-widget-thim-our-team\" data-id=\"d326653\" data-element_type=\"widget\" data-e-type=\"widget\" data-widget_type=\"thim-our-team.default\">\n\t\t\t\t<div class=\"elementor-widget-container\">\n\t\t\t\t\t<div class=\"wrapper-lists-our-team icon-image-hover\"><div class=\"row\"><div class=\"our-team-item col-sm-6\"><div class=\"our-team-image\"> <a class=\"link-img\" href=\"https:\/\/martinezcordoba.com.co\/en\/our_team\/jose-maria-cordoba-perez\/\"><\/a><img loading=\"lazy\" decoding=\"async\" src=\"https:\/\/martinezcordoba.com.co\/wp-content\/uploads\/2020\/07\/JOS%C3%89-MAR%C3%8DA-C%C3%93RDOBA-P%C3%89REZ-200x200.jpg\" alt=\"JOS\u00c9 MAR\u00cdA CORDOBA\" title=\"JOS\u00c9 MAR\u00cdA C\u00d3RDOBA P\u00c9REZ\" width=\"200\" height=\"200\"><div class=\"social-team\"><\/div><\/div><div class=\"content-team\"><h4 class=\"title\"><a href=\"https:\/\/martinezcordoba.com.co\/en\/our_team\/jose-maria-cordoba-perez\/\">Jos\u00e9 Mar\u00eda C\u00f3rdoba P\u00e9rez (Q.E.P.D)<\/a><\/h4><div class=\"regency\">Fundador<\/div><\/div><\/div><div class=\"our-team-item col-sm-6\"><div class=\"our-team-image\"> <a class=\"link-img\" href=\"https:\/\/martinezcordoba.com.co\/en\/our_team\/belinda\/\"><\/a><img loading=\"lazy\" decoding=\"async\" src=\"https:\/\/martinezcordoba.com.co\/wp-content\/uploads\/2020\/07\/AURELIO-MARTINEZ-CANABAL1-200x200.jpg\" alt=\"AURELIO MARTINEZ\" title=\"AURELIO MARTINEZ CANABAL1\" width=\"200\" height=\"200\"><div class=\"social-team\"><\/div><\/div><div class=\"content-team\"><h4 class=\"title\"><a href=\"https:\/\/martinezcordoba.com.co\/en\/our_team\/belinda\/\">Aurelio Mart\u00ednez Canabal (Q.E.P.D)<\/a><\/h4><div class=\"regency\">Fundador<\/div><\/div><\/div><\/div><\/div>\t\t\t\t<\/div>\n\t\t\t\t<\/div>\n\t\t\t\t<div class=\"elementor-element elementor-element-cfaa333 elementor-widget elementor-widget-heading\" data-id=\"cfaa333\" data-element_type=\"widget\" data-e-type=\"widget\" data-widget_type=\"heading.default\">\n\t\t\t\t<div class=\"elementor-widget-container\">\n\t\t\t\t\t<h3 class=\"elementor-heading-title elementor-size-medium\">Impacto de la gesti\u00f3n de nuestros fundadores miembros<\/h3>\t\t\t\t<\/div>\n\t\t\t\t<\/div>\n\t\t\t\t<div class=\"elementor-element elementor-element-36ce39e elementor-widget__width-initial elementor-widget elementor-widget-text-editor\" data-id=\"36ce39e\" data-element_type=\"widget\" data-e-type=\"widget\" data-widget_type=\"text-editor.default\">\n\t\t\t\t<div class=\"elementor-widget-container\">\n\t\t\t\t\t\t\t\t\t<p><span style=\"color: #000000; background-color: transparent; font-size: 12pt; font-family: 'Century Gothic', sans-serif;\">Los fundadores y miembros de la firma, han adquirido el conocimiento y experiencia necesarios para brindar una asesor\u00eda de la mejor calidad, muestra de ellos es su participaci\u00f3n en: <\/span><i style=\"color: #000000; font-family: Calibri, sans-serif; font-size: 11pt; background-color: transparent;\"><span style=\"font-size: 12pt; font-family: 'Century Gothic', sans-serif;\">La expedici\u00f3n de la ley 20 de 1969 <\/span><\/i><b style=\"color: #000000; font-family: Calibri, sans-serif; font-size: 11pt; background-color: transparent;\"><span style=\"font-size: 12pt; font-family: 'Century Gothic', sans-serif;\">* <\/span><\/b><i style=\"color: #000000; font-family: Calibri, sans-serif; font-size: 11pt; background-color: transparent;\"><span style=\"font-size: 12pt; font-family: 'Century Gothic', sans-serif;\">El Decreto 2655 de 1988 y, <\/span><\/i><b style=\"color: #000000; font-family: Calibri, sans-serif; font-size: 11pt; background-color: transparent;\"><span style=\"font-size: 12pt; font-family: 'Century Gothic', sans-serif;\">* <\/span><\/b><i style=\"color: #000000; font-family: Calibri, sans-serif; font-size: 11pt; background-color: transparent;\"><span style=\"font-size: 12pt; font-family: 'Century Gothic', sans-serif;\">La ley 685 de 2001 (c\u00f3digo de Minas vigente)<\/span><\/i><\/p><p class=\"MsoNormal\" style=\"margin: 0cm; line-height: normal; font-size: 11pt; font-family: Calibri, sans-serif; color: #000000;\"><i><span style=\"font-size: 12pt; font-family: 'Century Gothic', sans-serif;\">\u00a0<\/span><\/i><\/p>\t\t\t\t\t\t\t\t<\/div>\n\t\t\t\t<\/div>\n\t\t\t\t\t<\/div>\n\t\t<\/div>\n\t\t\t\t\t<\/div>\n\t\t<\/section>\n\t\t\t\t<\/div>\n\t\t<\/body>","protected":false},"excerpt":{"rendered":"<p>En Mart\u00ednez C\u00f3rdoba &amp; Abogados Asociados, contamos con una amplia experiencia de trabajo para entidades,tanto del\u00a0SECTOR P\u00daBLICO\u00a0como del\u00a0SECTOR PRIVADO. Asesores del Gobierno Nacional en la redacci\u00f3n del proyecto de ley para la redacci\u00f3n de la Empresa Colombiana de Gas- Ecogas. &hellip; <\/p>","protected":false},"author":1,"featured_media":0,"parent":0,"menu_order":0,"comment_status":"closed","ping_status":"closed","template":"page-templates\/landing-page.php","meta":{"_bbp_topic_count":0,"_bbp_reply_count":0,"_bbp_total_topic_count":0,"_bbp_total_reply_count":0,"_bbp_voice_count":0,"_bbp_anonymous_reply_count":0,"_bbp_topic_count_hidden":0,"_bbp_reply_count_hidden":0,"_bbp_forum_subforum_count":0,"om_disable_all_campaigns":false,"pmpro_default_level":"","_monsterinsights_skip_tracking":false,"_monsterinsights_sitenote_active":false,"_monsterinsights_sitenote_note":"","_monsterinsights_sitenote_category":0,"footnotes":""},"class_list":["post-7081","page","type-page","status-publish","hentry","pmpro-has-access"],"_links":{"self":[{"href":"https:\/\/martinezcordoba.com.co\/en\/wp-json\/wp\/v2\/pages\/7081"}],"collection":[{"href":"https:\/\/martinezcordoba.com.co\/en\/wp-json\/wp\/v2\/pages"}],"about":[{"href":"https:\/\/martinezcordoba.com.co\/en\/wp-json\/wp\/v2\/types\/page"}],"author":[{"embeddable":true,"href":"https:\/\/martinezcordoba.com.co\/en\/wp-json\/wp\/v2\/users\/1"}],"replies":[{"embeddable":true,"href":"https:\/\/martinezcordoba.com.co\/en\/wp-json\/wp\/v2\/comments?post=7081"}],"version-history":[{"count":29,"href":"https:\/\/martinezcordoba.com.co\/en\/wp-json\/wp\/v2\/pages\/7081\/revisions"}],"predecessor-version":[{"id":10198,"href":"https:\/\/martinezcordoba.com.co\/en\/wp-json\/wp\/v2\/pages\/7081\/revisions\/10198"}],"wp:attachment":[{"href":"https:\/\/martinezcordoba.com.co\/en\/wp-json\/wp\/v2\/media?parent=7081"}],"curies":[{"name":"wp","href":"https:\/\/api.w.org\/{rel}","templated":true}]}}